{"id":34312,"date":"2025-09-23T09:10:01","date_gmt":"2025-09-23T09:10:01","guid":{"rendered":"https:\/\/www.medienlb.com\/?post_type=product&#038;p=34312"},"modified":"2025-09-23T10:36:01","modified_gmt":"2025-09-23T10:36:01","slug":"55507269-soziale-medien-2","status":"publish","type":"product","link":"https:\/\/www2.medienlb.com\/en\/produkt\/55507269-soziale-medien-2\/","title":{"rendered":"Soziale Medien"},"content":{"rendered":"<p>Soziale Medien bieten viele private und berufliche M\u00f6glichkeiten. Jedoch bedeutet jede Interaktion f\u00fcr die Plattformbetreiber \u2013 und auch f\u00fcr Cyberkriminelle \u2013 eine wertvolle Datenressource. Der Film beleuchtet die Risiken: Von der Kommerzialisierung pers\u00f6nlicher Informationen \u00fcber die Erstellung von Bewegungsprofilen bis hin zu den langfristigen Folgen unbedachter Datenfreigabe. Er sensibilisiert Sch\u00fclerinnen und Sch\u00fcler f\u00fcr einen verantwortungsvollen Umgang mit ihren Daten.<\/p>\n","protected":false},"excerpt":{"rendered":"<p>Soziale Medien bieten viele private und berufliche M\u00f6glichkeiten. Jedoch bedeutet jede Interaktion f\u00fcr die Plattformbetreiber \u2013 und auch f\u00fcr Cyberkriminelle \u2013 eine wertvolle Datenressource.<\/p>\n","protected":false},"featured_media":34313,"template":"","meta":{"_acf_changed":false},"product_cat":[70],"product_tag":[77,125],"class_list":{"0":"post-34312","1":"product","2":"type-product","3":"status-publish","4":"has-post-thumbnail","6":"product_cat-film","7":"product_tag-subject-gesellschaft","8":"product_tag-target-sek-i","10":"first","11":"instock","12":"taxable","13":"shipping-taxable","14":"purchasable","15":"product-type-variable"},"acf":{"subtitle":"Sicherheit und Datenschutz","article_id":"46505595 \/ 55507269","languages":"DE","thumb_up":false,"cover_image":34325,"linked_product":33876,"banner":{"show":true,"text":"","color":""},"length":"10:59 min","content_movie":"Soziale Medien bieten viele private und berufliche M\u00f6glichkeiten. Jedoch bedeutet jede Interaktion f\u00fcr die Plattformbetreiber \u2013 und auch f\u00fcr Cyberkriminelle \u2013 eine wertvolle Datenressource. Der Film beleuchtet die Risiken: Von der Kommerzialisierung pers\u00f6nlicher Informationen \u00fcber die Erstellung von Bewegungsprofilen bis hin zu den langfristigen Folgen unbedachter Datenfreigabe. Er sensibilisiert Sch\u00fclerinnen und Sch\u00fcler f\u00fcr einen verantwortungsvollen Umgang mit ihren Daten.","learning_goals":"Lernziele:\r\n\r\nDie Sch\u00fclerinnen und Sch\u00fcler\r\n<ol>\r\n \t<li>nennen in Grundz\u00fcgen alltagsrelevante gesetzliche Regelungen zum Umgang mit (digitalen) Daten.<\/li>\r\n \t<li>sch\u00e4tzen die Verantwortung f\u00fcr publizierte Inhalte ein.<\/li>\r\n<\/ol>\r\nKompetenzen:\r\n\r\nDie Sch\u00fclerinnen und Sch\u00fcler k\u00f6nnen\r\n<ol>\r\n \t<li>Aspekte von Toleranz und Akzeptanz von Vielfalt im Kontext informatischer Fragestellungen diskutieren.<\/li>\r\n \t<li>zu einer vorgegebenen Problemstellung eigenst\u00e4ndig ein begr\u00fcndetes Fazit ziehen.<\/li>\r\n<\/ol>","preview_gif":34318,"trailer":{"file":34316,"url":"","image":34323},"mediathek_id":896,"amount":"","demo_url":"","h5p_demo_id":"","content_interactive":"","hide_numbers":false,"flyer":"","info_columns":null},"_links":{"self":[{"href":"https:\/\/www2.medienlb.com\/en\/wp-json\/wp\/v2\/product\/34312"}],"collection":[{"href":"https:\/\/www2.medienlb.com\/en\/wp-json\/wp\/v2\/product"}],"about":[{"href":"https:\/\/www2.medienlb.com\/en\/wp-json\/wp\/v2\/types\/product"}],"acf:post":[{"embeddable":true,"href":"https:\/\/www2.medienlb.com\/en\/wp-json\/wp\/v2\/product\/33876"}],"wp:featuredmedia":[{"embeddable":true,"href":"https:\/\/www2.medienlb.com\/en\/wp-json\/wp\/v2\/media\/34313"}],"wp:attachment":[{"href":"https:\/\/www2.medienlb.com\/en\/wp-json\/wp\/v2\/media?parent=34312"}],"wp:term":[{"taxonomy":"product_cat","embeddable":true,"href":"https:\/\/www2.medienlb.com\/en\/wp-json\/wp\/v2\/product_cat?post=34312"},{"taxonomy":"product_tag","embeddable":true,"href":"https:\/\/www2.medienlb.com\/en\/wp-json\/wp\/v2\/product_tag?post=34312"}],"curies":[{"name":"wp","href":"https:\/\/api.w.org\/{rel}","templated":true}]}}